{"id":142,"date":"2025-09-09T00:18:56","date_gmt":"2025-09-08T22:18:56","guid":{"rendered":"https:\/\/aikido-lyon.org\/adh4\/?page_id=142"},"modified":"2025-09-12T11:26:33","modified_gmt":"2025-09-12T09:26:33","slug":"nos-enseignants","status":"publish","type":"page","link":"https:\/\/aikido-lyon.org\/adh4\/nos-enseignants\/","title":{"rendered":"Nos enseignants"},"content":{"rendered":"\n<p>Chaque semaine, six&nbsp;enseignants b\u00e9n\u00e9voles partagent leurs connaissances, aussi bien en donnant des cours qu&rsquo;en pratiquant&nbsp;sur le tatami avec les autres \u00e9l\u00e8ves.<\/p>\n\n\n\n<p>Nous ne saurions que trop vous conseillez de venir tous les rencontrer en vous entrainant le plus possible.<\/p>\n\n\n\n<div class=\"wp-block-columns is-layout-flex wp-container-core-columns-is-layout-9d6595d7 wp-block-columns-is-layout-flex\">\n<div class=\"wp-block-column is-layout-flow wp-block-column-is-layout-flow\" style=\"flex-basis:33.33%\">\n<figure class=\"wp-block-image is-resized\"><img loading=\"lazy\" decoding=\"async\" width=\"857\" height=\"1240\" src=\"https:\/\/aikido-lyon.org\/adh4\/wp-content\/uploads\/2025\/09\/gerald.jpg\" alt=\"G\u00e9rald\" class=\"wp-image-147\" style=\"width:343px;height:auto\"\/><\/figure>\n<\/div>\n\n\n\n<div class=\"wp-block-column is-layout-flow wp-block-column-is-layout-flow\" style=\"flex-basis:66.66%\">\n<h3 class=\"wp-block-heading\">G\u00e9rald Polat<\/h3>\n\n\n\n<p>6\u00e8me DAN, titulaire du Brevet d&rsquo;Etat niveau 2. Fondateur du club.<\/p>\n\n\n\n<details class=\"wp-block-details is-layout-flow wp-block-details-is-layout-flow\"><summary><strong>Les d\u00e9buts dans la discipline : \u00ab les premiers pas \u00bb<\/strong><\/summary>\n<ul class=\"wp-block-list\">\n<li><strong><em>G\u00e9rald, \u00e0 quel \u00e2ge as-tu d\u00e9but\u00e9 la pratique de l\u2019a\u00efkido ?<\/em><\/strong><\/li>\n<\/ul>\n\n\n\n<p><strong><em><\/em><\/strong>J&rsquo;ai commenc\u00e9 l&rsquo;a\u00efkido en juillet 1964, \u00e0 18 ans, \u00e0 l&rsquo;occasion du premier stage international qui se d\u00e9roulait \u00e0 Annecy et \u00e9tait dirig\u00e9s conjointement par Me Nakazono et Me Noro, tous deux 6\u00b0 Dan \u00e0 l&rsquo;\u00e9poque et repr\u00e9sentant le centre mondial en Europe.<\/p>\n\n\n\n<ul class=\"wp-block-list\">\n<li><em><strong>Quelle pouvait-\u00eatre la motivation pour pratiquer un art martial \u00e0 l \u00e9poque o\u00f9 tu as d\u00e9but\u00e9 ?<\/strong><\/em><\/li>\n<\/ul>\n\n\n\n<p>J&rsquo;\u00e9tais auparavant judoka depuis quatre ans. Mais je recherchais avec quelques autres judokas lyonnais, dont mon fr\u00e8re, une pratique plus compl\u00e8te et plus proche de la self-d\u00e9fense et du jiu-jutsu. Je pense que beaucoup de pratiquants d\u2019arts martiaux (qui se r\u00e9sumaient essentiellement \u00e0 l\u2019\u00e9poque en France, ne l\u2019oublions pas, au judo &amp; jiu-jitsu, karate et a\u00efkido, celui-ci \u00e9tant encore tr\u00e8s peu r\u00e9pandu) cherchaient l\u2019efficacit\u00e9 et la v\u00e9rit\u00e9 de l\u2019action, secondairement la philosophie et la voie. Par contre, apr\u00e8s 1968 et le d\u00e9veloppement des mouvances \u00e9cologistes et non violentes, certains budokas, surtout en a\u00efkido, se sont orient\u00e9s vers une recherche plus \u00e9sot\u00e9rique, voire mystique, oubliant parfois ce qui faisait l\u2019int\u00e9r\u00eat original des arts martiaux japonais. On est arriv\u00e9, je crois et j\u2019esp\u00e8re, \u00e0 un meilleur \u00e9quilibre aujourd\u2019hui.<\/p>\n\n\n\n<ul class=\"wp-block-list\">\n<li><em><strong>Avais-tu pratiqu\u00e9 d\u2019autres arts martiaux auparavant ?<\/strong><\/em><\/li>\n<\/ul>\n\n\n\n<p>Oui, le judo, de fa\u00e7on plus ou moins continue depuis l\u2019\u00e2ge de 14 ans.<\/p>\n\n\n\n<p>Plus tard, en 1975, alors que j\u2019\u00e9tais d\u00e9j\u00e0 pass\u00e9 \u00e0 l\u2019a\u00efkido, je dus pratiquer le karate pour l\u2019examen du brevet d\u2019Etat d\u2019a\u00efkido qui comprenait, \u00e0 l\u2019\u00e9poque, les trois disciplines : judo, karate, a\u00efkido. Je m\u2019initiais aussi au kendo (voie du sabre) et au jodo (voie du b\u00e2ton contre sabre), mais c\u2019est principalement le \u00efa\u00efdo que j\u2019approfondissais, notamment \u00e0 la fin des ann\u00e9es 70 et au d\u00e9but des ann\u00e9es 80. Me Tamura nous y avait initi\u00e9s pendant les ann\u00e9es 60-70 et nous incitait \u00e0 le pratiquer plus assid\u00fbment afin de mieux comprendre le maniement et le sens du sabre.<\/p>\n\n\n\n<ul class=\"wp-block-list\">\n<li><em><strong>Racontes-nous tes d\u00e9buts dans l\u2019a\u00efkido.\u00a0<\/strong><\/em><\/li>\n<\/ul>\n\n\n\n<p>La rencontre avec les ma\u00eetres Nakazono et Noro en 1964 fut un \u00e9blouissement inattendu, renforc\u00e9 par l&rsquo;arriv\u00e9e de Me Tamura. Je d\u00e9couvrais des formes merveilleuses, fluides et puissantes, allant au-del\u00e0 de simples techniques de combat. C&rsquo;est ainsi que parall\u00e8lement \u00e0 un entra\u00eenement tr\u00e8s r\u00e9gulier au Judo Club du Rh\u00f4ne dirig\u00e9 par deux pratiquants plus anciens dont Bernard George-Batier, j&rsquo;ai suivi tout aussi r\u00e9guli\u00e8rement des stages en cours d&rsquo;ann\u00e9e ou durant les \u00e9t\u00e9s \u00e0 Annecy avec Me Nakazono et Tamura, parfois Me Tada. La pratique \u00e9tait intense sur les tatamis. (Une vid\u00e9o du club sur DVD donne un aper\u00e7u du travail avec les ma\u00eetres \u00e0 cette \u00e9poque). Je dus abandonner le judo par manque de temps et baisse progressive d\u2019int\u00e9r\u00eat.<\/p>\n\n\n\n<p>Plus tard, apr\u00e8s mon 2\u00b0 kyu, je dus aussi ralentir voire abandonner les entra\u00eenements d\u2019a\u00efkido plusieurs ann\u00e9es, de fin 1967 \u00e0 1973, ce qui ralentit mes progr\u00e8s et m&#8217;emp\u00eacha de passer mon 1\u00b0 dan rapidement, contrairement \u00e0 mes camarades de l&rsquo;\u00e9poque comme Jacques Echavel (qui a enseign\u00e9 dans notre club quelques ann\u00e9es) ou Alain Peyrache (ancien cadre technique de la FFAB qui a cr\u00e9\u00e9 l\u2019EPA en dissident). Je repris intensivement la pratique \u00e0 mon retour de l&rsquo;arm\u00e9e fin 72. Entre-temps le stage d&rsquo;Annecy avait \u00e9t\u00e9 remplac\u00e9 par le stage de Villefranche-de-Rouergue avec Me Tamura seul, puis parfois Me Chiba ou Me Sugano. Au cours des ann\u00e9es 70, nous retrouvions souvent Me Tamura dans la r\u00e9gion lyonnaise o\u00f9 la ligue du Lyonnais accueillait aussi Me Chiba ou Me Sugano. Dans un autre cadre, Me Noro venait r\u00e9guli\u00e8rement animer un stage \u00e0 M\u00e2con. Bref, on ne manquait pas d&rsquo;experts et, chance inou\u00efe, nous n&rsquo;\u00e9tions pas encore tr\u00e8s nombreux \u00e0 suivre leurs cours.<\/p>\n\n\n\n<ul class=\"wp-block-list\">\n<li><em><strong>Comment \u00e9tait la pratique de l\u2019a\u00efkido \u00e0 cette \u00e9poque : Installations, m\u00e9thodes d\u2019enseignement, pratiquants etc.<\/strong><\/em><\/li>\n<\/ul>\n\n\n\n<p><em><strong><\/strong><\/em>Les tatamis \u00e9taient assez durs pendant les stages d\u2019\u00e9t\u00e9 (beaucoup d\u2019entre eux, traditionnels, \u00e9taient en paille de riz). Il fallait apprendre \u00e0 chuter en douceur sur les bosses\u2026<\/p>\n\n\n\n<p>La m\u00e9thode d\u2019enseignement \u00e9tait tr\u00e8s traditionnelle, \u00e0 la japonaise (peu de discours, r\u00e9p\u00e9tition, correction, r\u00e9p\u00e9tition ; diverses formes de travail, jiu waza, randori avec plusieurs uke, pratique r\u00e9guli\u00e8re des armes). Comme aujourd\u2019hui dans notre club, en somme !..<\/p>\n\n\n\n<p>Les pratiquants, dans leur ensemble, \u00e9taient tr\u00e8s motiv\u00e9s, r\u00e9guliers \u00e0 l\u2019entra\u00eenement, pers\u00e9v\u00e9rants. Sans doute plus qu\u2019aujourd\u2019hui !<\/p>\n\n\n\n<ul class=\"wp-block-list\">\n<li><em><strong>Qui a \u00e9t\u00e9 ton premier enseignant ?<\/strong><\/em><\/li>\n<\/ul>\n\n\n\n<p>Bernard Georges-Batier (voir plus haut), Louis Ottina (qui a abandonn\u00e9 \u00e0 la fin des ann\u00e9es soixante) et, bien s\u00fbr, les ma\u00eetres japonais lors des stages nombreux que nous suivions \u00e0 Lyon ou ailleurs.<\/p>\n\n\n\n<ul class=\"wp-block-list\">\n<li><strong><em>Te souviens-tu de ton premier cours en tant que pratiquant ?<\/em><\/strong><\/li>\n<\/ul>\n\n\n\n<p>Oui, au stage d\u2019Annecy de 1964, avec Me Nakazono et Me Noro. Sachant que nous \u00e9tions judokas, certains partenaires, un peu plus anciens, voulaient nous montrer l\u2019efficacit\u00e9 de l\u2019a\u00efkido en nous appliquant des kotegaeshi foudroyants. Et nous devions, bien s\u00fbr, remercier ces sampa\u00ef pour cet apprentissage g\u00e9n\u00e9reux\u2026<\/p>\n\n\n\n<p><strong>Trouver, enseigner la voie \u2026<\/strong><\/p>\n\n\n\n<ul class=\"wp-block-list\">\n<li><strong><em>Quand as-tu commenc\u00e9 \u00e0 enseigner ?\u00a0<\/em><\/strong><\/li>\n<\/ul>\n\n\n\n<p>En 1973, on m&rsquo;a demand\u00e9 de remplacer Guy Sacq (un ancien comme moi) qui quittait Lyon en laissant vacante la direction d&rsquo;un club cr\u00e9\u00e9 par B. George-Batier et dirig\u00e9 aujourd\u2019hui par Robert Dalessandro depuis la fin des ann\u00e9es 70 (le CS Doua). Je n&rsquo;\u00e9tais que 2\u00b0 kyu, mais j&rsquo;avais d\u00e9j\u00e0 pas mal d&rsquo;anciennet\u00e9 en a\u00efkido, ayant fait partie des pionniers \u00e0 Lyon, et, de toute fa\u00e7on, il n&rsquo;y avait pas beaucoup de pratiquants susceptibles de diriger un cours \u00e0 cette \u00e9poque. Je passais mon 1\u00b0 Dan l&rsquo;ann\u00e9e suivante et le brevet d&rsquo;Etat dans la foul\u00e9e. J&rsquo;\u00e9tais b\u00e9n\u00e9vole mais, cherchant \u00e0 l&rsquo;\u00e9poque du travail, je me disais que le BE me permettrait peut-\u00eatre de vivre de l&rsquo;enseignement de l&rsquo;a\u00efkido, ce que, finalement, je n\u2019ai jamais eu \u00e0 faire.<\/p>\n\n\n\n<p>L\u2019enseignement m&rsquo;int\u00e9ressait beaucoup (j&rsquo;avais \u00e9t\u00e9 professeur de math\u00e9matiques avec un plaisir identique) et me permettait de progresser plus rapidement en m&rsquo;obligeant \u00e0 me poser beaucoup de questions sur les techniques et \u00e0 \u00eatre tr\u00e8s rigoureux dans mes propres entra\u00eenements \u00e0 la MJC de Villeurbanne o\u00f9 j\u2019avais retrouv\u00e9 mon professeur B. George-Batier.<\/p>\n\n\n\n<p>Je dus passer moi-m\u00eame la main fin 1975 car ma nouvelle profession m&rsquo;obligea \u00e0 aller \u00e0 Paris pendant deux ans. En 1983, quelques ann\u00e9es apr\u00e8s mon retour \u00e0 Lyon soit dix ans apr\u00e8s ma premi\u00e8re exp\u00e9rience d&rsquo;enseignement, la ligue du Lyonnais, en la personne d\u2019Alain Peyrache alors RTN (Responsable Technique National), me poussa \u00e0 ouvrir un club car il fallait assurer le d\u00e9veloppement de la toute nouvelle FFLAB (F\u00e9d\u00e9ration Fran\u00e7aise Libre d\u2019A\u00efkido et Budo devenue plus tard FFAB) cr\u00e9\u00e9e un an avant, contre vents et mar\u00e9es, autour de Tamura sense\u00ef. Voil\u00e0 comment est n\u00e9 l&rsquo;A\u00efkika\u00ef de Lyon dont je fus le fondateur et le professeur. Je n&rsquo;ai pas arr\u00eat\u00e9 depuis, toujours en b\u00e9n\u00e9vole, et me suis efforc\u00e9 de d\u00e9velopper ce club sur divers plans.<\/p>\n\n\n\n<ul class=\"wp-block-list\">\n<li><strong><em>Te souviens-tu de ton premier cours en temps qu\u2019enseignant ?<\/em><\/strong><\/li>\n<\/ul>\n\n\n\n<p>Pas pr\u00e9cis\u00e9ment mais je me souviens que j\u2019avais \u00e0 faire \u00e0 des \u00e9l\u00e8ves en g\u00e9n\u00e9ral sportifs et muscl\u00e9s (jeunes \u00e9tudiants), souvent \u00ab coriaces \u00bb, heureusement en g\u00e9n\u00e9ral gentils. Mais j\u2019\u00e9tais moi-m\u00eame jeune et sportif !<\/p>\n\n\n\n<ul class=\"wp-block-list\">\n<li><em><strong>A quel moment vous \u00eates vous \u00a0d\u00e9cid\u00e9 \u00e0 \u00a0poursuivre dans cette voie et \u00e0 \u00a0vouer \u00a0une grande partie de votre temps \u00e0 cet art ?<\/strong><\/em><\/li>\n<\/ul>\n\n\n\n<p>Assez vite, quand je compris les avantages de la pratique, malgr\u00e9 les inconv\u00e9nients.<\/p>\n\n\n\n<p>Les avantages sont multiples. Outre une souplesse de corps et d&rsquo;esprit, une capacit\u00e9 \u00e0 bien utiliser l&rsquo;\u00e9nergie et bien d&rsquo;autres b\u00e9n\u00e9fices physiques et mentaux, cette activit\u00e9 permet de mieux appr\u00e9hender les rapports de soi-m\u00eame avec le monde et de vivre mieux en \u00ab harmonie \u00bb avec les autres, sans illusion cependant car c\u2019est parfois compliqu\u00e9, tout en pr\u00e9servant son int\u00e9grit\u00e9 et sa personnalit\u00e9.<\/p>\n\n\n\n<p>Accessoirement mais utilement, elle permet aussi de ma\u00eetriser la peur et d&rsquo;oser affronter l&rsquo;adversit\u00e9 et l&rsquo;agressivit\u00e9 humaine, voire de la Nature. (Exp\u00e9riences v\u00e9cues\u2026)<\/p>\n\n\n\n<p>Les inconv\u00e9nients sont inh\u00e9rents \u00e0 la pratique de tout art martial : blessures diverses, risque de d\u00e9velopper un ego d\u00e9mesur\u00e9 en se prenant pour un samoura\u00ef, subjectivisme, confusion entre les moyens et la fin, oubli de la fin etc.<\/p>\n\n\n\n<p>Par ailleurs, je d\u00e9cidais de poursuivre l\u2019enseignement et d\u2019y passer du temps, quand je compris qu\u2019enseigner c\u2019\u00e9tait transmettre le plus fid\u00e8lement possible l&rsquo;art du fondateur, UESHIBA Morihe\u00ef, notamment \u00e0 travers l\u2019enseignement de Me Tamura.<\/p>\n\n\n\n<p>Personnellement et comme beaucoup de v\u00e9t\u00e9rans, je connaissais l\u2019art d\u2019O Sense\u00ef \u00e0 travers des enregistrements visuels (vid\u00e9os et photos), des transcriptions de ses paroles ou de ses rares \u00e9crits, de quelques t\u00e9moignages oraux de gens des ann\u00e9es 50-60 ayant eu la chance de s&rsquo;entra\u00eener \u00e0 Tokyo avant sa mort (1969). Mais je l\u2019ai connu principalement gr\u00e2ce \u00e0 l&rsquo;enseignement d&rsquo;experts comme les Ma\u00eetres Noro, Nakazono, Tamura, Tada, Chiba, Sugano, Suganuma, Sa\u00efto, Kobayashi etc. pour la plupart \u00ab\u00a0uchi deshi\u00a0\u00bb (\u00ab \u00e9l\u00e8ves de l&rsquo;int\u00e9rieur \u00bb) avant d&rsquo;\u00eatre charg\u00e9s, pour certains, de diffuser dans le monde l&rsquo;art de leur ma\u00eetre. Je pr\u00e9cise cependant que Me Tamura repr\u00e9sente pour moi le mod\u00e8le \u00e0 suivre depuis que je l\u2019ai connu en 1965.<\/p>\n\n\n\n<p>Ce qui me para\u00eet important aussi et me pla\u00eet, c\u2019est d\u2019inciter les pratiquants \u00e0 se cultiver sur l&rsquo;origine de cet art martial et, par extension, sur la civilisation japonaise et son histoire, afin de ne pas id\u00e9aliser les arts martiaux et de comprendre ce qu\u2019il y a de r\u00e9volutionnaire dans l\u2019a\u00efkido, cr\u00e9\u00e9 v\u00e9ritablement, ne l\u2019oublions pas, \u00e0 la fin de la deuxi\u00e8me guerre mondiale.<\/p>\n\n\n\n<p>J\u2019aime aussi \u00eatre attentif \u00e0 la compr\u00e9hension et \u00e0 la progression des \u00e9l\u00e8ves (grades et \u00e9volution g\u00e9n\u00e9rale), d\u00e9tecter ceux qui ont de grandes capacit\u00e9s et\/ou qui sont susceptibles de devenir eux-m\u00eames enseignants. C\u2019est difficile mais passionnant.<\/p>\n\n\n\n<ul class=\"wp-block-list\">\n<li><strong><em>Quelques anecdotes, souvenirs ?<\/em><\/strong><\/li>\n<\/ul>\n\n\n\n<p>Mes meilleurs souvenirs sont ceux des entra\u00eenements de ma jeunesse, quand je d\u00e9couvrais cet art et que j&rsquo;avais encore toutes les facult\u00e9s li\u00e9es \u00e0 mes vingt ans.<\/p>\n\n\n\n<p>Et aussi, \u00e0 la m\u00eame \u00e9poque, dans le cadre d\u2019une diffusion intensive de notre discipline, le plaisir teint\u00e9 d\u2019orgueil lorsque, dans les ann\u00e9es 60, j\u2019accompagnais, en tant qu\u2019A\u00efte, Bernard Georges-Batier pour animer des stages \u00e0 droite et \u00e0 gauche ou faire des d\u00e9monstrations au Palais des Sports de Lyon rempli d\u2019un public exigeant de budokas.<\/p>\n\n\n\n<p>Souvenirs aussi des liens tiss\u00e9s \u00e0 cette \u00e9poque avec d&rsquo;autres pratiquants et avec les ma\u00eetres japonais, certains h\u00e9las d\u00e9j\u00e0 d\u00e9c\u00e9d\u00e9s. Que de nostalgie et de tristesse li\u00e9es \u00e0 ces souvenirs !.. Le d\u00e9c\u00e8s de Me Tamura en 2010 m\u2019a profond\u00e9ment affect\u00e9, ainsi que celle, fin 2012, de Bernard George-Batier, ancien camarade et premier professeur.<\/p>\n\n\n\n<p>De mani\u00e8re g\u00e9n\u00e9rale, j&rsquo;ai beaucoup de plaisir \u00e0 sentir qu&rsquo;une technique a bien march\u00e9 (pas d&rsquo;effort pour la r\u00e9aliser et bon r\u00e9sultat, c&rsquo;est-\u00e0-dire efficacit\u00e9 maximum). C&rsquo;est un plaisir h\u00e9las rare, jadis \u00e9prouv\u00e9 en judo lorsqu\u2019en randori j&rsquo;avais pu projeter mon adversaire sans l&rsquo;avoir vraiment d\u00e9cid\u00e9, spontan\u00e9ment, sans calcul et&#8230;sans effort. En a\u00efkido, c&rsquo;est un peu diff\u00e9rent car il n&rsquo;y a pas de comp\u00e9tition pour \u00e9prouver vraiment ses capacit\u00e9s, mais l&rsquo;on se rend compte, avec l&rsquo;exp\u00e9rience, si une action fonctionne bien ou non.<\/p>\n\n\n\n<p>Je suis aussi heureux d&rsquo;avoir pu \u00eatre jug\u00e9 par Me Tamura lui-m\u00eame dans ma progression. Mon premier et seul examen de Kyu, le 2\u00b0 en 1967, et mes passages de Dan, du 1\u00b0 au 5\u00b0, sauf le 2\u00b0, l&rsquo;ont \u00e9t\u00e9 sous sa supervision. Je regrette qu\u2019il n\u2019ait plus \u00e9t\u00e9 l\u00e0 pour juger celui de mon 6\u00b0 Dan.&nbsp;<\/p>\n\n\n\n<p>Sur le plan p\u00e9dagogique, je suis content et fier d&rsquo;avoir pu faire progresser un certain nombre d&rsquo;\u00e9l\u00e8ves jusqu&rsquo;\u00e0 de bons niveaux de compr\u00e9hension.<\/p>\n\n\n\n<p>Inversement, mes pires souvenirs sont attach\u00e9s aux difficult\u00e9s rencontr\u00e9es dans ma pratique, quand rien ne semble marcher, quand j&rsquo;ai soudainement peur, quand je me blesse b\u00eatement, quand je ne comprends pas ce qui bloque ma technique.<\/p>\n\n\n\n<p>Plus g\u00e9n\u00e9ralement, il est triste d&rsquo;avoir l&rsquo;impression de stagner ou de ne pouvoir, malgr\u00e9 de nombreux efforts, aider des \u00e9l\u00e8ves \u00e0 progresser. Mis \u00e0 part cela, pas de souvenirs vraiment horrifiques !<\/p>\n\n\n\n<ul class=\"wp-block-list\">\n<li><em><strong>Un message aux pratiquants\u2026<\/strong><\/em><\/li>\n<\/ul>\n\n\n\n<p>&#8211; Pers\u00e9v\u00e9rer, ne pas se d\u00e9courager.<br>&#8211; Pratiquer dans la joie et la bonne humeur, mais avec s\u00e9rieux.<br>&#8211; Bien observer, bien \u00e9couter le professeur.<br>&#8211; Savoir s&rsquo;instruire aupr\u00e8s des autres et les aider sans arri\u00e8re pens\u00e9e, ni de contrepartie.<br>&#8211; Approfondir ce qu&rsquo;on apprend en s&rsquo;attachant \u00e0 \u00eatre pr\u00e9cis.<br>&#8211; Etre humble, ne pas croire qu&rsquo;on a tout compris et ne pas s&rsquo;imaginer \u00eatre un surhomme.<br>&#8211; Elargir sa pratique \u00e0 d&rsquo;autres domaines (vie courante, arts, \u00e9tude&#8230;), s&rsquo;ouvrir \u00e0 d&rsquo;autres arts martiaux concourant aux objectifs de l&rsquo;a\u00efkido, tout en se disant qu&rsquo;on a peut-\u00eatre la chance, avec cet discipline, d&rsquo;avoir entre les mains un joyau des arts martiaux\u2026 Profitons-en sans retenue !<\/p>\n<\/details>\n<\/div>\n<\/div>\n\n\n\n<div class=\"wp-block-columns is-layout-flex wp-container-core-columns-is-layout-9d6595d7 wp-block-columns-is-layout-flex\">\n<div class=\"wp-block-column is-layout-flow wp-block-column-is-layout-flow\" style=\"flex-basis:33.33%\">\n<figure class=\"wp-block-image size-full\"><img loading=\"lazy\" decoding=\"async\" width=\"972\" height=\"1240\" src=\"https:\/\/aikido-lyon.org\/adh4\/wp-content\/uploads\/2025\/09\/philippe.jpg\" alt=\"Philippe Montagnier\" class=\"wp-image-151\"\/><\/figure>\n<\/div>\n\n\n\n<div class=\"wp-block-column is-layout-flow wp-block-column-is-layout-flow\" style=\"flex-basis:66.66%\">\n<h3 class=\"wp-block-heading\">Philippe Montagnier<\/h3>\n\n\n\n<p>5\u00e8me DAN f\u00e9d\u00e9ral et A\u00efkika\u00ef, titulaire du Brevet F\u00e9d\u00e9ral.<\/p>\n\n\n\n<details class=\"wp-block-details is-layout-flow wp-block-details-is-layout-flow\"><summary><em><strong>&#8211; Philippe, depuis combien d&rsquo;ann\u00e9es pratiques tu et qu&rsquo;est-ce qui t\u2019a attir\u00e9 dans l&rsquo;a\u00efkido ?<\/strong><\/em><\/summary>\n<p>Je pratique l\u2019A\u00efkido depuis l\u2019ann\u00e9e 1993. J\u2019ai d\u00e9but\u00e9 \u00e0 l\u2019\u00e2ge de 29 ans.<\/p>\n\n\n\n<p>Auparavant, j\u2019ai pratiqu\u00e9 durant une quinzaine d\u2019ann\u00e9es une discipline sportive collective que j\u2019ai arr\u00eat\u00e9e pour des raisons essentiellement li\u00e9es \u00e0 la poursuite de mes \u00e9tudes. J\u2019\u00e9tais \u00e9galement d\u00e9sireux de trouver une discipline qui puisse m\u2019apporter quelque chose de diff\u00e9rent, et c\u2019est ainsi que je me suis orient\u00e9 vers une discipline martiale, en l\u2019occurrence dans un 1er temps, le karat\u00e9, que j\u2019ai pratiqu\u00e9 durant 2 ann\u00e9es.<\/p>\n\n\n\n<p>Cependant l\u2019orientation \u00ab&nbsp;comp\u00e9tition&nbsp;\u00bb ne m\u2019int\u00e9ressait gu\u00e8re, de m\u00eame que l\u2019absence de convivialit\u00e9 au sein du club.<\/p>\n\n\n\n<p>Finalement, j\u2019ai r\u00e9pondu favorablement \u00e0 la sollicitation d\u2019un de mes amis qui pratiquait l\u2019A\u00efkido \u00e0 l\u2019A\u00efkika\u00ef de Lyon. Depuis, je pratique l\u2019A\u00efkido toujours au sein de ce club et j\u2019ai pu ainsi b\u00e9n\u00e9ficier de l\u2019enseignement de G\u00e9rald et de tous les professeurs qui l\u2019ont assist\u00e9 au cours de ces ann\u00e9es.&nbsp;J\u2019ai d\u00e9couvert un art martial \u00ab&nbsp;intelligent&nbsp;\u00bb o\u00f9 la notion de force n\u2019est pas le seul moyen de vaincre, o\u00f9 la notion de non \u2013 r\u00e9sistance, bien que difficile \u00e0 appr\u00e9hender, est pr\u00e9pond\u00e9rante. Au-del\u00e0 de fa\u00e7onner son corps&nbsp;au travers de la souplesse, l\u2019agilit\u00e9, le renforcement articulaire et musculaire et du travail des armes, cet art permet de construire son mental et de r\u00e9fl\u00e9chir sur soi-m\u00eame tout en d\u00e9veloppant les relations avec les autres.&nbsp;<\/p>\n\n\n\n<p>L\u2019aspect culturel a \u00e9t\u00e9 \u00e9galement un \u00e9l\u00e9ment d\u00e9terminant. Chacun peut y puiser selon ses envies.<\/p>\n\n\n\n<p><em><strong>&#8211; Quels conseils donnerais-tu aux d\u00e9butants ?<\/strong><\/em><\/p>\n\n\n\n<p>Comme toute discipline, l\u2019A\u00efkido n\u00e9cessite pers\u00e9v\u00e9rance et r\u00e9gularit\u00e9 et ce, je pense, d\u00e8s le d\u00e9but, compte tenu de la n\u00e9cessit\u00e9 de passer le cap de la m\u00e9morisation des techniques afin de pouvoir se lib\u00e9rer et pratiquer de fa\u00e7on beaucoup plus intuitive.&nbsp;<\/p>\n\n\n\n<p><strong><em>&#8211; As-tu des recommandations pour les anciens ?<\/em><\/strong><\/p>\n\n\n\n<p><em><\/em>Il importe, au regard des possibilit\u00e9s sans fin qu\u2019offre l\u2019A\u00efkido, de poursuivre constamment sa recherche et son travail, tant sur le plan mental, physique que sur les rapports avec les enseignants, les pratiquants et de mani\u00e8re g\u00e9n\u00e9rale, avec tous les individus.<\/p>\n\n\n\n<p>J\u2019ai b\u00e9n\u00e9fici\u00e9 et je b\u00e9n\u00e9ficie de la richesse des enseignants, des senpai \/ kohai et de tous les pratiquants que j\u2019ai pu c\u00f4toyer au sein de l\u2019A\u00efkika\u00ef de Lyon, de la FFAB et ailleurs.<\/p>\n\n\n\n<p>Je les en remercie vivement.<\/p>\n<\/details>\n<\/div>\n<\/div>\n\n\n\n<div class=\"wp-block-columns is-layout-flex wp-container-core-columns-is-layout-9d6595d7 wp-block-columns-is-layout-flex\">\n<div class=\"wp-block-column is-layout-flow wp-block-column-is-layout-flow\" style=\"flex-basis:33.33%\">\n<figure class=\"wp-block-image size-full\"><img loading=\"lazy\" decoding=\"async\" width=\"943\" height=\"1240\" src=\"https:\/\/aikido-lyon.org\/adh4\/wp-content\/uploads\/2025\/09\/patrick.jpg\" alt=\"Patrick Rappillard\" class=\"wp-image-150\"\/><\/figure>\n<\/div>\n\n\n\n<div class=\"wp-block-column is-layout-flow wp-block-column-is-layout-flow\" style=\"flex-basis:66.66%\">\n<h3 class=\"wp-block-heading\">Patrick Rappillard<\/h3>\n\n\n\n<p>3\u00e8me DAN, titulaire du BIFA.<\/p>\n<\/div>\n<\/div>\n\n\n\n<div class=\"wp-block-columns is-layout-flex wp-container-core-columns-is-layout-9d6595d7 wp-block-columns-is-layout-flex\">\n<div class=\"wp-block-column is-layout-flow wp-block-column-is-layout-flow\" style=\"flex-basis:33.33%\">\n<figure class=\"wp-block-image size-full\"><img loading=\"lazy\" decoding=\"async\" width=\"3532\" height=\"3209\" src=\"https:\/\/aikido-lyon.org\/adh4\/wp-content\/uploads\/2025\/09\/renaud-amid2.jpg\" alt=\"Renaud Avenas\" class=\"wp-image-152\"\/><\/figure>\n<\/div>\n\n\n\n<div class=\"wp-block-column is-layout-flow wp-block-column-is-layout-flow\" style=\"flex-basis:66.66%\">\n<h3 class=\"wp-block-heading\">Renaud Avenas<\/h3>\n\n\n\n<p>4\u00e8me DAN, titulaire du brevet f\u00e9d\u00e9ral.<\/p>\n\n\n\n<details class=\"wp-block-details is-layout-flow wp-block-details-is-layout-flow\"><summary><em><strong>&#8211; Renaud, depuis combien d&rsquo;ann\u00e9es pratiques tu et qu&rsquo;est-ce qui t\u2019a attir\u00e9 dans l&rsquo;a\u00efkido ?<\/strong><\/em><\/summary>\n<p>J&rsquo;ai commenc\u00e9 l&rsquo;A\u00efkido en 1994 alors que j&rsquo;avais&nbsp;neuf ans.&nbsp;<\/p>\n\n\n\n<p>J&rsquo;avais d\u00e9j\u00e0 essay\u00e9 d&rsquo;autres sports comme le basket, la gym ou le foot mais l&rsquo;esprit de comp\u00e9tition ne m&rsquo;int\u00e9ressait pas. Quelle chance j&rsquo;ai eu d&rsquo;avoir vu un club d&rsquo;A\u00efkido s&rsquo;ouvrir dans la campagne o\u00f9 j&rsquo;ai v\u00e9cu mon enfance! Enfin une discipline sans comp\u00e9tition o\u00f9 le but n&rsquo;est pas de vaincre l&rsquo;autre pendant les entra\u00eenements mais de l&rsquo;aider \u00e0 se perfectionner ! J&rsquo;ai tout de suite \u00e9t\u00e9 attir\u00e9 par l&rsquo;\u00e9ventail de possibilit\u00e9s qu&rsquo;offre l&rsquo;A\u00efkido, tant par le fait d&rsquo;avoir un travail \u00e0 mains nues ou aux armes, que par la subtilit\u00e9 des techniques.<\/p>\n\n\n\n<p>Je suis tr\u00e8s rapidement devenu un passionn\u00e9 de cet art. Je me rappelle pousser mon p\u00e8re \u00e0 m&#8217;emmener au moins avec un quart d&rsquo;avance afin de monter sur les tatamis faire quelques chutes avant le cours. Encore aujourd&rsquo;hui, il m&rsquo;arrive de sortir mon Jo (b\u00e2ton) ou mon boken (sabre) dans mon jardin pour le plaisir de m&rsquo;exercer un peu.<\/p>\n\n\n\n<p>Depuis 1994 je n&rsquo;ai jamais cess\u00e9 l&rsquo;A\u00efkido.<\/p>\n\n\n\n<p><em><strong>&#8211; Quels conseils donnerais-tu aux d\u00e9butants ?<\/strong><\/em><\/p>\n\n\n\n<p>Le d\u00e9but est un peu difficile et demande beaucoup de r\u00e9flexion et d&rsquo;automatisme \u00e0 avoir. Mais cela en vaut le coup. Il faut juste \u00eatre patient. On n\u2019arr\u00eate jamais d&rsquo;apprendre en A\u00efkido.<\/p>\n\n\n\n<p><strong><em>&#8211; As-tu des recommandations pour les anciens ?<\/em><\/strong><\/p>\n\n\n\n<p>Gardez un point d\u2019attache dans votre dojo mais n\u2019h\u00e9sitez pas \u00e0 d\u00e9couvrir d\u2019autres astuces ou mani\u00e8res de faire dans les stages. Il faut toujours se remettre en question, ne jamais oublier l\u2019esprit du d\u00e9butant. Continuer de vous occuper des d\u00e9butants et de les accompagner, c\u2019est indispensable dans l\u2019A\u00efkido. Souvenons-nous que nous aussi nous avons \u00e9t\u00e9 d\u00e9butant.<\/p>\n<\/details>\n<\/div>\n<\/div>\n\n\n\n<div class=\"wp-block-columns is-layout-flex wp-container-core-columns-is-layout-9d6595d7 wp-block-columns-is-layout-flex\">\n<div class=\"wp-block-column is-layout-flow wp-block-column-is-layout-flow\" style=\"flex-basis:33.33%\">\n<figure class=\"wp-block-image size-full\"><img loading=\"lazy\" decoding=\"async\" width=\"949\" height=\"1240\" src=\"https:\/\/aikido-lyon.org\/adh4\/wp-content\/uploads\/2025\/09\/john.jpg\" alt=\"John Nshimiyimana\" class=\"wp-image-148\"\/><\/figure>\n<\/div>\n\n\n\n<div class=\"wp-block-column is-layout-flow wp-block-column-is-layout-flow\" style=\"flex-basis:66.66%\">\n<h3 class=\"wp-block-heading\">John Wycliff Nshimiyimana<\/h3>\n\n\n\n<p>4\u00e8me DAN, titulaire du brevet f\u00e9d\u00e9ral.<\/p>\n\n\n\n<details class=\"wp-block-details is-layout-flow wp-block-details-is-layout-flow\"><summary><em><strong>&#8211; John, depuis combien d&rsquo;ann\u00e9es pratiques tu et qu&rsquo;est-ce qui t\u2019a attir\u00e9 dans l&rsquo;a\u00efkido ?<\/strong><\/em><\/summary>\n<p>Apr\u00e8s des ann\u00e9es de pratique d&rsquo;arts martiaux divers,<\/p>\n\n\n\n<p>c&rsquo;est en 2005 que j&rsquo;ai franchi les portes du dojo de l&rsquo;A\u00efkika\u00ef de Lyon et que j&rsquo;y ai fait la rencontre de l&rsquo;a\u00efkido.<\/p>\n\n\n\n<p>C&rsquo;est un art martial tr\u00e8s riche et motivant qui me pousse \u00e0 une pratique et une recherche constante afin de continuer \u00e0 apprendre et \u00e0 m&rsquo;am\u00e9liorer.<\/p>\n\n\n\n<p><em><strong>&#8211; Quels conseils donnerais-tu aux d\u00e9butants ?<\/strong><\/em><\/p>\n\n\n\n<p>La pratique de l&rsquo;a\u00efkido est une belle aventure. Une pratique r\u00e9guli\u00e8re permet de d\u00e9passer les difficult\u00e9s du d\u00e9but et avec le temps, les choses se mettent en place progressivement.&nbsp;<\/p>\n\n\n\n<p><em><strong>&#8211; As-tu des recommandations pour les anciens ?<\/strong><\/em><\/p>\n\n\n\n<p>La pratique, la pratique et encore la pratique.<\/p>\n<\/details>\n<\/div>\n<\/div>\n\n\n\n<div class=\"wp-block-columns is-layout-flex wp-container-core-columns-is-layout-9d6595d7 wp-block-columns-is-layout-flex\">\n<div class=\"wp-block-column is-layout-flow wp-block-column-is-layout-flow\" style=\"flex-basis:33.33%\">\n<figure class=\"wp-block-image size-full\"><img loading=\"lazy\" decoding=\"async\" width=\"802\" height=\"1240\" src=\"https:\/\/aikido-lyon.org\/adh4\/wp-content\/uploads\/2025\/09\/lionel.jpg\" alt=\"Lionel Magallon\" class=\"wp-image-149\"\/><\/figure>\n<\/div>\n\n\n\n<div class=\"wp-block-column is-layout-flow wp-block-column-is-layout-flow\" style=\"flex-basis:66.66%\">\n<h3 class=\"wp-block-heading\">Lionel Magallon<\/h3>\n\n\n\n<p>4\u00e8me DAN.<\/p>\n<\/div>\n<\/div>\n\n\n\n<p><\/p>\n","protected":false},"excerpt":{"rendered":"<p>Chaque semaine, six&nbsp;enseignants b\u00e9n\u00e9voles partagent leurs connaissances, aussi bien en donnant des cours qu&rsquo;en pratiquant&nbsp;sur le tatami avec les autres \u00e9l\u00e8ves. Nous ne saurions que trop vous conseillez de venir tous les rencontrer en vous entrainant le plus possible. G\u00e9rald Polat 6\u00e8me DAN, titulaire du Brevet d&rsquo;Etat niveau 2. Fondateur du club. Philippe Montagnier 5\u00e8me [&hellip;]<\/p>\n","protected":false},"author":1,"featured_media":0,"parent":0,"menu_order":0,"comment_status":"closed","ping_status":"closed","template":"","meta":{"footnotes":""},"class_list":["post-142","page","type-page","status-publish","hentry"],"_links":{"self":[{"href":"https:\/\/aikido-lyon.org\/adh4\/wp-json\/wp\/v2\/pages\/142","targetHints":{"allow":["GET"]}}],"collection":[{"href":"https:\/\/aikido-lyon.org\/adh4\/wp-json\/wp\/v2\/pages"}],"about":[{"href":"https:\/\/aikido-lyon.org\/adh4\/wp-json\/wp\/v2\/types\/page"}],"author":[{"embeddable":true,"href":"https:\/\/aikido-lyon.org\/adh4\/wp-json\/wp\/v2\/users\/1"}],"replies":[{"embeddable":true,"href":"https:\/\/aikido-lyon.org\/adh4\/wp-json\/wp\/v2\/comments?post=142"}],"version-history":[{"count":14,"href":"https:\/\/aikido-lyon.org\/adh4\/wp-json\/wp\/v2\/pages\/142\/revisions"}],"predecessor-version":[{"id":226,"href":"https:\/\/aikido-lyon.org\/adh4\/wp-json\/wp\/v2\/pages\/142\/revisions\/226"}],"wp:attachment":[{"href":"https:\/\/aikido-lyon.org\/adh4\/wp-json\/wp\/v2\/media?parent=142"}],"curies":[{"name":"wp","href":"https:\/\/api.w.org\/{rel}","templated":true}]}}