{"id":10,"date":"2025-09-06T22:15:32","date_gmt":"2025-09-06T20:15:32","guid":{"rendered":"https:\/\/aikido-lyon.org\/adh4\/?page_id=10"},"modified":"2025-09-12T11:27:42","modified_gmt":"2025-09-12T09:27:42","slug":"accueil","status":"publish","type":"page","link":"https:\/\/aikido-lyon.org\/adh4\/","title":{"rendered":"Accueil"},"content":{"rendered":"\n<div class=\"wp-block-columns is-layout-flex wp-container-core-columns-is-layout-9d6595d7 wp-block-columns-is-layout-flex\">\n<div class=\"wp-block-column is-layout-flow wp-block-column-is-layout-flow\"><div class=\"wp-block-image\">\n<figure class=\"aligncenter size-full\"><img loading=\"lazy\" decoding=\"async\" width=\"240\" height=\"250\" src=\"https:\/\/aikido-lyon.org\/adh4\/wp-content\/uploads\/2025\/09\/aiki1.jpg\" alt=\"cours\" class=\"wp-image-15\"\/><\/figure>\n<\/div>\n\n\n<h3 class=\"wp-block-heading has-text-align-center\">6 cours adultes &amp; 1 cours jeunes (10\/16 ans)<\/h3>\n\n\n\n<p class=\"has-text-align-center\">du lundi au samedi.<br>Pas de restrictions d&rsquo;acc\u00e8s au cours, tout le monde peut y participer peu importe&nbsp;son niveau.<\/p>\n<\/div>\n\n\n\n<div class=\"wp-block-column is-layout-flow wp-block-column-is-layout-flow\"><div class=\"wp-block-image\">\n<figure class=\"aligncenter size-full\"><img loading=\"lazy\" decoding=\"async\" width=\"354\" height=\"250\" src=\"https:\/\/aikido-lyon.org\/adh4\/wp-content\/uploads\/2025\/09\/aiki2.jpg\" alt=\"enseignants\" class=\"wp-image-16\"\/><\/figure>\n<\/div>\n\n\n<h3 class=\"wp-block-heading has-text-align-center\">Des enseignants passionn\u00e9s<\/h3>\n\n\n\n<p class=\"has-text-align-center\">allant du 3<sup>\u00e8me<\/sup>\u00a0au 6<sup>\u00e8me<\/sup>\u00a0DAN.<br>Tous b\u00e9n\u00e9voles, ils partagent leur art tout en continuant \u00e0\u00a0se perfectionner.<\/p>\n<\/div>\n\n\n\n<div class=\"wp-block-column is-layout-flow wp-block-column-is-layout-flow\"><div class=\"wp-block-image\">\n<figure class=\"aligncenter size-full\"><img loading=\"lazy\" decoding=\"async\" width=\"219\" height=\"250\" src=\"https:\/\/aikido-lyon.org\/adh4\/wp-content\/uploads\/2025\/09\/aiki3.jpg\" alt=\"ambiance\" class=\"wp-image-17\"\/><\/figure>\n<\/div>\n\n\n<h3 class=\"wp-block-heading has-text-align-center\">Une ambiance conviviale<\/h3>\n\n\n\n<p class=\"has-text-align-center\">depuis plus de 30 ans, sur et en dehors des tatamis.<br>Tout au long de la saison, sont organis\u00e9s des \u00e9v\u00e8nements pour se retrouver.<\/p>\n<\/div>\n<\/div>\n\n\n\n<div class=\"wp-block-group has-background has-medium-font-size\" style=\"background-color:#f4c9c9\"><div class=\"wp-block-group__inner-container is-layout-constrained wp-block-group-is-layout-constrained\">\n<h3 class=\"wp-block-heading\">Derniers articles<\/h3>\n<\/div><\/div>\n\n\n<ul class=\"wp-block-latest-posts__list wp-block-latest-posts\"><li><a class=\"wp-block-latest-posts__post-title\" href=\"https:\/\/aikido-lyon.org\/adh4\/2026\/02\/08\/reussite-2eme-dan\/\">R\u00e9ussite 2eme dan<\/a><div class=\"wp-block-latest-posts__post-excerpt\">Nous avons le grand plaisir d&rsquo;annoncer que les deux candidats du club \u00e0 l&rsquo;examen de 2eme dan ont r\u00e9ussi avec brio ! F\u00e9licitation \u00e0 Val\u00e9rie et Samir ! Cela r\u00e9compense leur investissement et leur s\u00e9rieux dans la pratique de l&rsquo;A\u00efkido.<\/div><\/li>\n<li><a class=\"wp-block-latest-posts__post-title\" href=\"https:\/\/aikido-lyon.org\/adh4\/2025\/09\/12\/fermeture-du-dojo\/\">Fermeture du Dojo<\/a><div class=\"wp-block-latest-posts__post-excerpt\">Le dojo rue Tronchet sera ferm\u00e9 suite \u00e0 une gr\u00e8ve du personnel le jeudi 11\/09\/2025 et le vendredi 12\/09\/2025. Par cons\u00e9quence, les cours sont annul\u00e9s sur ces jours.<\/div><\/li>\n<li><a class=\"wp-block-latest-posts__post-title\" href=\"https:\/\/aikido-lyon.org\/adh4\/2025\/09\/10\/reprise-des-cours-2025-2026\/\">Reprise des cours 2025\/2026<\/a><div class=\"wp-block-latest-posts__post-excerpt\">Reprise des cours le 04\/09\/25 Bonjour \u00e0 toutes et \u00e0 tous, J&rsquo;esp\u00e8re que tout le monde se porte bien, ainsi que vos proches. La reprise des cours est fix\u00e9e : Pour le cours du&nbsp;lundi soir au SIUAPS, il n&rsquo;y a pas de changement par rapport aux ann\u00e9es pr\u00e9c\u00e9dentes le cours est toujours de&nbsp;20 \u00e0 22h.\u2026 <a class=\"wp-block-latest-posts__read-more\" href=\"https:\/\/aikido-lyon.org\/adh4\/2025\/09\/10\/reprise-des-cours-2025-2026\/\" rel=\"noopener noreferrer\">Lire la suite<span class=\"screen-reader-text\">\u00a0: Reprise des cours 2025\/2026<\/span><\/a><\/div><\/li>\n<\/ul>\n\n\n<p><\/p>\n","protected":false},"excerpt":{"rendered":"<p>6 cours adultes &amp; 1 cours jeunes (10\/16 ans) du lundi au samedi.Pas de restrictions d&rsquo;acc\u00e8s au cours, tout le monde peut y participer peu importe&nbsp;son niveau. Des enseignants passionn\u00e9s allant du 3\u00e8me\u00a0au 6\u00e8me\u00a0DAN.Tous b\u00e9n\u00e9voles, ils partagent leur art tout en continuant \u00e0\u00a0se perfectionner. Une ambiance conviviale depuis plus de 30 ans, sur et en [&hellip;]<\/p>\n","protected":false},"author":1,"featured_media":0,"parent":0,"menu_order":0,"comment_status":"closed","ping_status":"closed","template":"","meta":{"footnotes":""},"class_list":["post-10","page","type-page","status-publish","hentry"],"_links":{"self":[{"href":"https:\/\/aikido-lyon.org\/adh4\/wp-json\/wp\/v2\/pages\/10","targetHints":{"allow":["GET"]}}],"collection":[{"href":"https:\/\/aikido-lyon.org\/adh4\/wp-json\/wp\/v2\/pages"}],"about":[{"href":"https:\/\/aikido-lyon.org\/adh4\/wp-json\/wp\/v2\/types\/page"}],"author":[{"embeddable":true,"href":"https:\/\/aikido-lyon.org\/adh4\/wp-json\/wp\/v2\/users\/1"}],"replies":[{"embeddable":true,"href":"https:\/\/aikido-lyon.org\/adh4\/wp-json\/wp\/v2\/comments?post=10"}],"version-history":[{"count":19,"href":"https:\/\/aikido-lyon.org\/adh4\/wp-json\/wp\/v2\/pages\/10\/revisions"}],"predecessor-version":[{"id":227,"href":"https:\/\/aikido-lyon.org\/adh4\/wp-json\/wp\/v2\/pages\/10\/revisions\/227"}],"wp:attachment":[{"href":"https:\/\/aikido-lyon.org\/adh4\/wp-json\/wp\/v2\/media?parent=10"}],"curies":[{"name":"wp","href":"https:\/\/api.w.org\/{rel}","templated":true}]}}